{"id":265,"date":"2013-06-01T23:14:35","date_gmt":"2013-06-01T21:14:35","guid":{"rendered":"http:\/\/wp1066866.wp101.webpack.hosteurope.de\/schule\/?page_id=265"},"modified":"2024-01-02T05:51:09","modified_gmt":"2024-01-02T04:51:09","slug":"religion","status":"publish","type":"page","link":"https:\/\/www.grundschule-am-stadtpark-steglitz.de\/?page_id=265","title":{"rendered":"Ev. Religion"},"content":{"rendered":"<p style=\"text-align: justify;\"><strong>Das erste Schulhalbjahr ist fast vorbei und im Fach evangelische Religion gab es zwei wirklich ber\u00fchrende H\u00f6hepunkte. <\/strong><\/p>\n<p style=\"text-align: justify;\"><strong>Am 4.12.2023 haben wir an der Aktion MEET A JEW teilgenommen.<\/strong><\/p>\n<p style=\"text-align: justify;\">Zwei J\u00fcdinnen kamen zu uns und haben uns sehr pers\u00f6nlich dar\u00fcber informiert, wie ihr j\u00fcdisches Leben allt\u00e4glich verl\u00e4uft und sich seit dem Angriff der Hamas ver\u00e4ndert hat. Sie tragen keine j\u00fcdischen Symbole mehr. Eine Frau hat ihre Mesusa, den j\u00fcdischen T\u00fcrsegen, von ihrer Wohnungst\u00fcr entfernt. Die Sch\u00fcler konnten zu allen Fragen des j\u00fcdischen Lebens, der Feiertage, dem pers\u00f6nlichen Empfinden nach dem Angriff der Hamas Fragen stellen. Es war ein wirklich ber\u00fchrendes Gespr\u00e4ch. Die Sch\u00fcler haben, so sagten es die beiden J\u00fcdinnen, wirklich gute Fragen gestellt. Daf\u00fcr danke ich allen Beteiligten ganz herzlich.<\/p>\n<p><a href=\"https:\/\/www.grundschule-am-stadtpark-steglitz.de\/wp-content\/uploads\/2023\/12\/K800_1-6.jpg\"><img loading=\"lazy\" decoding=\"async\" class=\"alignnone size-full wp-image-42970\" src=\"https:\/\/www.grundschule-am-stadtpark-steglitz.de\/wp-content\/uploads\/2023\/12\/K800_1-6.jpg\" alt=\"\" width=\"800\" height=\"600\" srcset=\"https:\/\/www.grundschule-am-stadtpark-steglitz.de\/wp-content\/uploads\/2023\/12\/K800_1-6.jpg 800w, https:\/\/www.grundschule-am-stadtpark-steglitz.de\/wp-content\/uploads\/2023\/12\/K800_1-6-300x225.jpg 300w, https:\/\/www.grundschule-am-stadtpark-steglitz.de\/wp-content\/uploads\/2023\/12\/K800_1-6-768x576.jpg 768w\" sizes=\"auto, (max-width: 800px) 100vw, 800px\" \/><\/a><\/p>\n<p style=\"text-align: justify;\">Zum Thema Widerstand in der Ostkirche 1989 hatten wir erneut Mario R\u00f6llig zu Gast. Herr R\u00f6llig hat sehr plastisch erz\u00e4hlt, wie er seinen Alltag in der damaligen DDR erlebt hat. Er berichtete von seiner Arbeit als Kellner im Flughafenrestaurant Sch\u00f6nefeld. Der Aufforderung von der Stasi, f\u00fcr die DDR seinen Westfreund ausspionieren zu sollen und seinen anschlie\u00dfenden Fluchtversuch \u00fcber das damalige Jugoslawien. Auch die Hafterlebnisse im Gef\u00e4ngnis in Hohensch\u00f6nhausen ber\u00fchrten die Kinder sehr. Die Themen Freundschaft, Freiheit und Demokratie wurden sehr anschaulich besprochen. Im Nachgespr\u00e4ch erz\u00e4hlten mir die Sch\u00fcler, wie sehr sie die Erz\u00e4hlungen gefesselt und sie das Erz\u00e4hlte alle mit ihren Eltern besprochen haben. Ich danke den Sch\u00fclern und Mario f\u00fcr dieses fesselnde Zeitzeugengespr\u00e4ch.<\/p>\n<p><a href=\"https:\/\/www.grundschule-am-stadtpark-steglitz.de\/wp-content\/uploads\/2023\/12\/K800_2-6.jpg\"><img loading=\"lazy\" decoding=\"async\" class=\"size-full wp-image-42971 aligncenter\" src=\"https:\/\/www.grundschule-am-stadtpark-steglitz.de\/wp-content\/uploads\/2023\/12\/K800_2-6.jpg\" alt=\"\" width=\"1067\" height=\"600\" srcset=\"https:\/\/www.grundschule-am-stadtpark-steglitz.de\/wp-content\/uploads\/2023\/12\/K800_2-6.jpg 1067w, https:\/\/www.grundschule-am-stadtpark-steglitz.de\/wp-content\/uploads\/2023\/12\/K800_2-6-300x169.jpg 300w, https:\/\/www.grundschule-am-stadtpark-steglitz.de\/wp-content\/uploads\/2023\/12\/K800_2-6-1024x576.jpg 1024w, https:\/\/www.grundschule-am-stadtpark-steglitz.de\/wp-content\/uploads\/2023\/12\/K800_2-6-768x432.jpg 768w\" sizes=\"auto, (max-width: 1067px) 100vw, 1067px\" \/><\/a><strong>Petra L\u00f6wigt (Lehrerin f\u00fcr evangelischen Religionsunterricht)<\/strong><\/p>\n<p>____________________________________________________________________<\/p>\n<p style=\"text-align: justify;\"><strong><span style=\"color: #000000;\">Im Rahmen <a href=\"http:\/\/www.grundschule-am-stadtpark-steglitz.de\/wp-content\/uploads\/2017\/03\/K800_4-4-e1490978198567.jpg\"><img loading=\"lazy\" decoding=\"async\" class=\"wp-image-16499 size-medium alignright\" src=\"http:\/\/www.grundschule-am-stadtpark-steglitz.de\/wp-content\/uploads\/2017\/03\/K800_4-4-e1490978198567-300x237.jpg\" width=\"300\" height=\"237\" srcset=\"https:\/\/www.grundschule-am-stadtpark-steglitz.de\/wp-content\/uploads\/2017\/03\/K800_4-4-e1490978198567-300x237.jpg 300w, https:\/\/www.grundschule-am-stadtpark-steglitz.de\/wp-content\/uploads\/2017\/03\/K800_4-4-e1490978198567.jpg 742w\" sizes=\"auto, (max-width: 300px) 100vw, 300px\" \/><\/a>des evangelischen Religionsunterrichts haben wir das Thema &#8222;Widerstand in der Ostkirche&#8220; besprochen. <\/span><\/strong><\/p>\n<p style=\"text-align: justify;\"><span style=\"color: #000000;\">Am Ende dieser Einheit hatten wir Herrn <strong>Mario R\u00f6llig<\/strong> zu Gast, der in der DDR im Stasigef\u00e4ngnis Hohensch\u00f6nhausen als Gefangener einsa\u00df.<\/span><\/p>\n<p style=\"text-align: justify;\"><span style=\"color: #000000;\">Bekannt wurde Herr R\u00f6llig durch den Film \u201eDer Ostkomplex\u201c, der 2016 w\u00e4hrend der Berliner Filmfestpiele Urauff\u00fchrung hatte.<\/span><\/p>\n<p style=\"text-align: justify;\"><span style=\"color: #000000;\">Herr R\u00f6llig hat uns von seiner sehr sch\u00f6nen Kinder- und Jugendzeit in der DDR erz\u00e4hlt und von den Versuchen der STASI ihn als Informant zu gewinnen. Durch diesen Anwerbeversuch sah sich Herr R\u00f6llig gen\u00f6tigt, die DDR durch einen Fluchtversuch \u00fcber Ungarn zu verlassen. Bei dieser Flucht wurde er gefasst und anschlie\u00dfend ins Stasigef\u00e4ngnis in Hohensch\u00f6nhausen eingesperrt. <\/span><\/p>\n<p style=\"text-align: justify;\"><a href=\"http:\/\/www.grundschule-am-stadtpark-steglitz.de\/wp-content\/uploads\/2017\/03\/K800_5-5.jpg\"><img loading=\"lazy\" decoding=\"async\" class=\"alignnone size-large wp-image-16500\" src=\"http:\/\/www.grundschule-am-stadtpark-steglitz.de\/wp-content\/uploads\/2017\/03\/K800_5-5-1024x575.jpg\" alt=\"\" width=\"660\" height=\"371\" srcset=\"https:\/\/www.grundschule-am-stadtpark-steglitz.de\/wp-content\/uploads\/2017\/03\/K800_5-5-1024x575.jpg 1024w, https:\/\/www.grundschule-am-stadtpark-steglitz.de\/wp-content\/uploads\/2017\/03\/K800_5-5-300x169.jpg 300w, https:\/\/www.grundschule-am-stadtpark-steglitz.de\/wp-content\/uploads\/2017\/03\/K800_5-5-768x431.jpg 768w, https:\/\/www.grundschule-am-stadtpark-steglitz.de\/wp-content\/uploads\/2017\/03\/K800_5-5.jpg 1068w\" sizes=\"auto, (max-width: 660px) 100vw, 660px\" \/><\/a><\/p>\n<p style=\"text-align: justify;\"><span style=\"color: #000000;\">Die Sch\u00fcler konnte w\u00e4hrend des Vortrags immer wieder Fragen stellen und haben im Anschluss an diese Stunde noch lange mit ihren Eltern \u00fcber ihre Erfahrungen diskutiert.<br \/>\n<strong>Wir danken Herrn R\u00f6llig f\u00fcr seinen Besuch.<\/strong><\/span><\/p>\n<p style=\"text-align: justify;\"><em><strong><span style=\"color: #000000;\">Frau L\u00f6wigt (ev. Religionslehrerin)<\/span><\/strong> <strong><span style=\"color: #000000;\">im M\u00e4rz 2017<\/span><\/strong><\/em><\/p>\n<hr>\n<p style=\"text-align: justify;\"><a href=\"http:\/\/www.grundschule-am-stadtpark-steglitz.de\/wp-content\/uploads\/2015\/06\/K800_DSCF9681.jpg\"><img loading=\"lazy\" decoding=\"async\" class=\"alignnone size-medium wp-image-6820\" src=\"http:\/\/www.grundschule-am-stadtpark-steglitz.de\/wp-content\/uploads\/2015\/06\/K800_DSCF9681-300x225.jpg\" alt=\"K800_DSCF9681\" width=\"300\" height=\"225\" srcset=\"https:\/\/www.grundschule-am-stadtpark-steglitz.de\/wp-content\/uploads\/2015\/06\/K800_DSCF9681-300x225.jpg 300w, https:\/\/www.grundschule-am-stadtpark-steglitz.de\/wp-content\/uploads\/2015\/06\/K800_DSCF9681.jpg 800w\" sizes=\"auto, (max-width: 300px) 100vw, 300px\" \/><\/a><\/p>\n<p style=\"text-align: justify;\">Als wunderbaren Schuljahresabschluss konnten wir mit den zweiten Klassen die Markus-Kirche und das Gemeindehaus besuchen.<\/p>\n<p style=\"text-align: justify;\">Gemeinsam mit dem Geindesozialarbeiter Herrn Ziebell durften wir nicht nur die Kirche besichtigen, sondern sogar den 80 Meter hohen Kirchturm besteigen.<\/p>\n<p style=\"text-align: justify;\"><a href=\"http:\/\/www.grundschule-am-stadtpark-steglitz.de\/wp-content\/uploads\/2015\/06\/K800_DSCF9713.jpg\"><img loading=\"lazy\" decoding=\"async\" class=\"alignnone size-medium wp-image-6821\" src=\"http:\/\/www.grundschule-am-stadtpark-steglitz.de\/wp-content\/uploads\/2015\/06\/K800_DSCF9713-300x225.jpg\" alt=\"K800_DSCF9713\" width=\"300\" height=\"225\" srcset=\"https:\/\/www.grundschule-am-stadtpark-steglitz.de\/wp-content\/uploads\/2015\/06\/K800_DSCF9713-300x225.jpg 300w, https:\/\/www.grundschule-am-stadtpark-steglitz.de\/wp-content\/uploads\/2015\/06\/K800_DSCF9713.jpg 800w\" sizes=\"auto, (max-width: 300px) 100vw, 300px\" \/><\/a> <a href=\"http:\/\/www.grundschule-am-stadtpark-steglitz.de\/wp-content\/uploads\/2015\/06\/K800_DSCF9714.jpg\"><img loading=\"lazy\" decoding=\"async\" class=\"alignnone size-medium wp-image-6822\" src=\"http:\/\/www.grundschule-am-stadtpark-steglitz.de\/wp-content\/uploads\/2015\/06\/K800_DSCF9714-300x225.jpg\" alt=\"K800_DSCF9714\" width=\"300\" height=\"225\" srcset=\"https:\/\/www.grundschule-am-stadtpark-steglitz.de\/wp-content\/uploads\/2015\/06\/K800_DSCF9714-300x225.jpg 300w, https:\/\/www.grundschule-am-stadtpark-steglitz.de\/wp-content\/uploads\/2015\/06\/K800_DSCF9714.jpg 800w\" sizes=\"auto, (max-width: 300px) 100vw, 300px\" \/><\/a><\/p>\n<p style=\"text-align: justify;\">Von dort hatten wir einen tollen Ausblick auf ganz Berlin und unsere Schule. Das war sehr spannend. In der Kirche haben wir die wundersch\u00f6nen Kirchenfenster bewundert, die viele tausend Kirchenorgelpfeifen besichtigt und das Jesuskreuz genau unter die Lupe genommen. Das war ein wirklich gelungener Jahresausklang. Die Kinder waren begeistert.<\/p>\n<p style=\"text-align: justify;\"><a href=\"http:\/\/www.grundschule-am-stadtpark-steglitz.de\/wp-content\/uploads\/2015\/06\/K800_DSCF9759.jpg\"><img loading=\"lazy\" decoding=\"async\" class=\"alignnone wp-image-6823 size-thumbnail\" src=\"http:\/\/www.grundschule-am-stadtpark-steglitz.de\/wp-content\/uploads\/2015\/06\/K800_DSCF9759-150x150.jpg\" alt=\"K800_DSCF9759\" width=\"150\" height=\"150\"><\/a> <a href=\"http:\/\/www.grundschule-am-stadtpark-steglitz.de\/wp-content\/uploads\/2015\/06\/K800_DSCF9761.jpg\"><img loading=\"lazy\" decoding=\"async\" class=\"alignnone wp-image-6824 size-thumbnail\" src=\"http:\/\/www.grundschule-am-stadtpark-steglitz.de\/wp-content\/uploads\/2015\/06\/K800_DSCF9761-150x150.jpg\" alt=\"K800_DSCF9761\" width=\"150\" height=\"150\"><\/a> <a href=\"http:\/\/www.grundschule-am-stadtpark-steglitz.de\/wp-content\/uploads\/2015\/06\/K800_DSCF9767.jpg\"><img loading=\"lazy\" decoding=\"async\" class=\"alignnone wp-image-6825 size-thumbnail\" src=\"http:\/\/www.grundschule-am-stadtpark-steglitz.de\/wp-content\/uploads\/2015\/06\/K800_DSCF9767-150x150.jpg\" alt=\"K800_DSCF9767\" width=\"150\" height=\"150\"><\/a> <a href=\"http:\/\/www.grundschule-am-stadtpark-steglitz.de\/wp-content\/uploads\/2015\/06\/K800_DSCF9775.jpg\"><img loading=\"lazy\" decoding=\"async\" class=\"alignnone wp-image-6826 size-thumbnail\" src=\"http:\/\/www.grundschule-am-stadtpark-steglitz.de\/wp-content\/uploads\/2015\/06\/K800_DSCF9775-150x150.jpg\" alt=\"K800_DSCF9775\" width=\"150\" height=\"150\"><\/a> <a href=\"http:\/\/www.grundschule-am-stadtpark-steglitz.de\/wp-content\/uploads\/2015\/06\/K800_DSCF9776.jpg\"><img loading=\"lazy\" decoding=\"async\" class=\"alignnone wp-image-6827 size-thumbnail\" src=\"http:\/\/www.grundschule-am-stadtpark-steglitz.de\/wp-content\/uploads\/2015\/06\/K800_DSCF9776-150x150.jpg\" alt=\"K800_DSCF9776\" width=\"150\" height=\"150\"><\/a> <a href=\"http:\/\/www.grundschule-am-stadtpark-steglitz.de\/wp-content\/uploads\/2015\/06\/K800_DSCF9779.jpg\"><img loading=\"lazy\" decoding=\"async\" class=\"alignnone size-thumbnail wp-image-6828\" src=\"http:\/\/www.grundschule-am-stadtpark-steglitz.de\/wp-content\/uploads\/2015\/06\/K800_DSCF9779-150x150.jpg\" alt=\"K800_DSCF9779\" width=\"150\" height=\"150\"><\/a><\/p>\n<p style=\"text-align: justify;\"><em>P. L\u00f6wigt (im Juni 2015)<\/em><\/p>\n<hr>\n<p style=\"text-align: justify;\">In der 1. Klasse haben wir das Sankt Martinspiel dargestellt. Alle <a href=\"http:\/\/www.grundschule-am-stadtpark-steglitz.de\/wp-content\/uploads\/2013\/06\/K800_11.jpg\"><img loading=\"lazy\" decoding=\"async\" class=\"alignleft wp-image-5526 \" src=\"http:\/\/www.grundschule-am-stadtpark-steglitz.de\/wp-content\/uploads\/2013\/06\/K800_11-150x150.jpg\" alt=\"K800_1\" width=\"72\" height=\"72\"><\/a>Kinder kannten das Lied bereits auswendig. Das war eine gro\u00dfe Freude.<\/p>\n<p style=\"text-align: justify;\">Die 4. Klassen haben mit meiner Praktikantin Frau Kaufmann die Lutherzeit nachspielen d\u00fcrfen. Durch die Umh\u00e4nge und die vielen Requisiten wurde das Leben der M\u00f6nche und die Zeit des Mittelalters erlebbar.<\/p>\n<p style=\"text-align: justify;\"><a href=\"http:\/\/www.grundschule-am-stadtpark-steglitz.de\/wp-content\/uploads\/2013\/06\/K800_21.jpg\"><img loading=\"lazy\" decoding=\"async\" class=\"alignleft wp-image-5527 size-thumbnail\" src=\"http:\/\/www.grundschule-am-stadtpark-steglitz.de\/wp-content\/uploads\/2013\/06\/K800_21-150x150.jpg\" alt=\"K800_2\" width=\"150\" height=\"150\"><\/a>Mit den 4. Klassen durften wir im Blindenmuseum die <a href=\"http:\/\/www.grundschule-am-stadtpark-steglitz.de\/wp-content\/uploads\/2013\/06\/K800_31.jpg\"><img loading=\"lazy\" decoding=\"async\" class=\"alignright wp-image-5528 \" src=\"http:\/\/www.grundschule-am-stadtpark-steglitz.de\/wp-content\/uploads\/2013\/06\/K800_31-150x150.jpg\" alt=\"K800_3\" width=\"129\" height=\"129\"><\/a>Welt der Blinden erfahren. Wir haben selber die Blindenschrift geschrieben, mit Blinden \u201eMensch \u00e4rgere dich nicht!\u201c gespielt und die Alltagshilfsmittel der Blinden ausprobieren d\u00fcrfen.<\/p>\n<p>&nbsp;<\/p>\n<p style=\"text-align: justify;\"><a href=\"http:\/\/www.grundschule-am-stadtpark-steglitz.de\/wp-content\/uploads\/2013\/06\/K800_4.jpg\"><img loading=\"lazy\" decoding=\"async\" class=\"alignright wp-image-5529 \" src=\"http:\/\/www.grundschule-am-stadtpark-steglitz.de\/wp-content\/uploads\/2013\/06\/K800_4-150x150.jpg\" alt=\"K800_4\" width=\"132\" height=\"132\"><\/a>In den 6. Klassen hatten wir Besuch von Roman einem j\u00fcdischen jungen Mann, der uns mit in seine j\u00fcdische Welt nahm. Er zeigte uns seine Kippa, seinen Tallit, den Gebetsschal und erz\u00e4hlte uns von seiner gef\u00e4hrlichen und schwierigen Flucht nach Berlin. Leider erz\u00e4hlte er uns auch wie schwierig es ist, als Jude seinen Glauben \u00f6ffentlich zu bekennen. Vielen Juden begegnet dann Gewalt.<\/p>\n<hr>\n<p style=\"text-align: justify;\"><a href=\"http:\/\/www.grundschule-am-stadtpark-steglitz.de\/wp-content\/uploads\/2013\/06\/K800_Mauer3.jpg\"><img loading=\"lazy\" decoding=\"async\" class=\"alignleft wp-image-5128 \" src=\"http:\/\/www.grundschule-am-stadtpark-steglitz.de\/wp-content\/uploads\/2013\/06\/K800_Mauer3-150x150.jpg\" alt=\"K800_Mauer3\" width=\"75\" height=\"75\"><\/a>Anl\u00e4sslich des 25 j\u00e4hrigen Mauerfalls haben wir, im Rahmen des evangelischen Religionsunterrichts, mit der Klasse 5c den Tr\u00e4nenpalast und die&nbsp; Mauerausstellung in den Potsdamer Platz Arkaden besucht. Wir haben uns eine Passkontrollstelle angesehen. <a href=\"http:\/\/www.grundschule-am-stadtpark-steglitz.de\/wp-content\/uploads\/2013\/06\/K800_Mauer2.jpg\"><img loading=\"lazy\" decoding=\"async\" class=\"alignright wp-image-5127 size-thumbnail\" src=\"http:\/\/www.grundschule-am-stadtpark-steglitz.de\/wp-content\/uploads\/2013\/06\/K800_Mauer2-150x150.jpg\" alt=\"K800_Mauer2\" width=\"150\" height=\"150\"><\/a>Die erste Mauer aus dem Jahr 1961, die spanischen Reiter der Grenz\u00fcbergangsstelle und einen Mauerwachturm der ehemaligen DDR. Dadurch hatten die Kinder die M\u00f6glichkeit, den Mauerbau und Mauerfall etwas besser nachvollziehen zu k\u00f6nnen. Die Kinder waren mit gro\u00dfem Interesse dabei und hatten die Gelegenheit, viele Fragen beantwortet zu bekommen.<\/p>\n<p style=\"text-align: justify;\"><img loading=\"lazy\" decoding=\"async\" class=\"alignnone size-medium wp-image-5129\" src=\"http:\/\/www.grundschule-am-stadtpark-steglitz.de\/wp-content\/uploads\/2013\/06\/K800_Mauer4-300x225.jpg\" alt=\"K800_Mauer4\" width=\"300\" height=\"225\" srcset=\"https:\/\/www.grundschule-am-stadtpark-steglitz.de\/wp-content\/uploads\/2013\/06\/K800_Mauer4-300x225.jpg 300w, https:\/\/www.grundschule-am-stadtpark-steglitz.de\/wp-content\/uploads\/2013\/06\/K800_Mauer4.jpg 799w\" sizes=\"auto, (max-width: 300px) 100vw, 300px\" \/><\/p>\n<p style=\"text-align: justify;\"><em>P.L\u00f6wigt (November 2014)<\/em><\/p>\n<hr>\n<p>Zum Beginn dieses Schuljahres 14\/15 haben wir unsere Erstkl\u00e4ssler mit einem sehr herzlichen Einschulungsgottesdienst begr\u00fc\u00dft.<br \/>\n<em>Petra L\u00f6wigt (ev. Religion)<\/em><br \/>\n<a href=\"http:\/\/www.grundschule-am-stadtpark-steglitz.de\/wp-content\/uploads\/2013\/06\/K800_Einschulungsgottesdienst14.jpg\"><img loading=\"lazy\" decoding=\"async\" class=\"alignnone size-medium wp-image-5126\" src=\"http:\/\/www.grundschule-am-stadtpark-steglitz.de\/wp-content\/uploads\/2013\/06\/K800_Einschulungsgottesdienst14-300x200.jpg\" alt=\"K800_Einschulungsgottesdienst14\" width=\"300\" height=\"200\" srcset=\"https:\/\/www.grundschule-am-stadtpark-steglitz.de\/wp-content\/uploads\/2013\/06\/K800_Einschulungsgottesdienst14-300x200.jpg 300w, https:\/\/www.grundschule-am-stadtpark-steglitz.de\/wp-content\/uploads\/2013\/06\/K800_Einschulungsgottesdienst14.jpg 800w\" sizes=\"auto, (max-width: 300px) 100vw, 300px\" \/><\/a><\/p>\n<hr>\n<p style=\"text-align: justify;\">Mit der zweiten Klasse schlossen wir das alte Schuljahr mit einem Taufgottesdienstbesuch ab. Wir durften G\u00e4ste bei einer Geschwistertaufe sein und selber dort ein Lied vortragen. Das war ein einpr\u00e4gsames Erlebnis.<\/p>\n<p style=\"text-align: justify;\"><a href=\"http:\/\/www.grundschule-am-stadtpark-steglitz.de\/wp-content\/uploads\/2014\/10\/K800_DSCF9151.jpg\"><img loading=\"lazy\" decoding=\"async\" class=\"alignnone size-thumbnail wp-image-4598\" src=\"http:\/\/www.grundschule-am-stadtpark-steglitz.de\/wp-content\/uploads\/2014\/10\/K800_DSCF9151-150x150.jpg\" alt=\"K800_DSCF9151\" width=\"150\" height=\"150\"><\/a>&nbsp;<a href=\"http:\/\/www.grundschule-am-stadtpark-steglitz.de\/wp-content\/uploads\/2014\/10\/K800_DSCF9166.jpg\"><img loading=\"lazy\" decoding=\"async\" class=\"alignnone size-thumbnail wp-image-4599\" src=\"http:\/\/www.grundschule-am-stadtpark-steglitz.de\/wp-content\/uploads\/2014\/10\/K800_DSCF9166-150x150.jpg\" alt=\"K800_DSCF9166\" width=\"150\" height=\"150\"><\/a><\/p>\n<p style=\"text-align: justify;\">Mit den dritten Klassen besch\u00e4ftigen wir uns mit der Umwelt von Jesus und haben ein israelisches Dorf gebaut.<\/p>\n<p style=\"text-align: justify;\"><a href=\"http:\/\/www.grundschule-am-stadtpark-steglitz.de\/wp-content\/uploads\/2014\/10\/K800_DSCF9235.jpg\"><img loading=\"lazy\" decoding=\"async\" class=\"alignnone size-medium wp-image-4604\" src=\"http:\/\/www.grundschule-am-stadtpark-steglitz.de\/wp-content\/uploads\/2014\/10\/K800_DSCF9235-300x225.jpg\" alt=\"K800_DSCF9235\" width=\"300\" height=\"225\" srcset=\"https:\/\/www.grundschule-am-stadtpark-steglitz.de\/wp-content\/uploads\/2014\/10\/K800_DSCF9235-300x225.jpg 300w, https:\/\/www.grundschule-am-stadtpark-steglitz.de\/wp-content\/uploads\/2014\/10\/K800_DSCF9235.jpg 800w\" sizes=\"auto, (max-width: 300px) 100vw, 300px\" \/><\/a><\/p>\n<p style=\"text-align: justify;\">In der vierten Klasse haben wir im Rahmen unserer \u201eBlindeneiheit\u201c unsere Sinne RIECHEN, SCHMECKEN, TASTEN getestet. Bei unserer Praktikantin Frau Kaufmann haben wir den Taststock ausprobiert, die Geldb\u00f6rsen und den Klingelball f\u00fcr Blinde ausprobieren d\u00fcrfen.<\/p>\n<p style=\"text-align: justify;\"><a href=\"http:\/\/www.grundschule-am-stadtpark-steglitz.de\/wp-content\/uploads\/2014\/10\/K800_DSCF9178.jpg\"><img loading=\"lazy\" decoding=\"async\" class=\"alignnone size-thumbnail wp-image-4600\" src=\"http:\/\/www.grundschule-am-stadtpark-steglitz.de\/wp-content\/uploads\/2014\/10\/K800_DSCF9178-150x150.jpg\" alt=\"K800_DSCF9178\" width=\"150\" height=\"150\"><\/a>&nbsp;<a href=\"http:\/\/www.grundschule-am-stadtpark-steglitz.de\/wp-content\/uploads\/2014\/10\/K800_DSCF9179.jpg\"><img loading=\"lazy\" decoding=\"async\" class=\"alignnone size-thumbnail wp-image-4601\" src=\"http:\/\/www.grundschule-am-stadtpark-steglitz.de\/wp-content\/uploads\/2014\/10\/K800_DSCF9179-150x150.jpg\" alt=\"K800_DSCF9179\" width=\"150\" height=\"150\"><\/a>&nbsp;<a href=\"http:\/\/www.grundschule-am-stadtpark-steglitz.de\/wp-content\/uploads\/2014\/10\/K800_DSCF9195.jpg\"><img loading=\"lazy\" decoding=\"async\" class=\"alignnone size-thumbnail wp-image-4602\" src=\"http:\/\/www.grundschule-am-stadtpark-steglitz.de\/wp-content\/uploads\/2014\/10\/K800_DSCF9195-150x150.jpg\" alt=\"K800_DSCF9195\" width=\"150\" height=\"150\"><\/a>&nbsp;<a href=\"http:\/\/www.grundschule-am-stadtpark-steglitz.de\/wp-content\/uploads\/2014\/10\/K800_DSCF9223.jpg\"><img loading=\"lazy\" decoding=\"async\" class=\"alignnone size-thumbnail wp-image-4603\" src=\"http:\/\/www.grundschule-am-stadtpark-steglitz.de\/wp-content\/uploads\/2014\/10\/K800_DSCF9223-150x150.jpg\" alt=\"K800_DSCF9223\" width=\"150\" height=\"150\"><\/a><\/p>\n<p style=\"text-align: justify;\">Die f\u00fcnften Klassen hatten Besuch von Herrn R\u00f6llig und einem Filmteam vom RBB. Das Filmteam filmte unser Gespr\u00e4ch mit Herrn R\u00f6llig, der aus seinem Leben in der ehemaligen DDR erz\u00e4hlte.<\/p>\n<p style=\"text-align: justify;\"><a href=\"http:\/\/www.grundschule-am-stadtpark-steglitz.de\/wp-content\/uploads\/2014\/10\/K800_DSCF9251.jpg\"><img loading=\"lazy\" decoding=\"async\" class=\"alignnone size-thumbnail wp-image-4607\" src=\"http:\/\/www.grundschule-am-stadtpark-steglitz.de\/wp-content\/uploads\/2014\/10\/K800_DSCF9251-150x150.jpg\" alt=\"K800_DSCF9251\" width=\"150\" height=\"150\"><\/a>&nbsp;<a href=\"http:\/\/www.grundschule-am-stadtpark-steglitz.de\/wp-content\/uploads\/2014\/10\/K800_DSCF9259.jpg\"><img loading=\"lazy\" decoding=\"async\" class=\"alignnone size-thumbnail wp-image-4608\" src=\"http:\/\/www.grundschule-am-stadtpark-steglitz.de\/wp-content\/uploads\/2014\/10\/K800_DSCF9259-150x150.jpg\" alt=\"K800_DSCF9259\" width=\"150\" height=\"150\"><\/a>&nbsp;<a href=\"http:\/\/www.grundschule-am-stadtpark-steglitz.de\/wp-content\/uploads\/2014\/10\/K800_DSCF9273.jpg\"><img loading=\"lazy\" decoding=\"async\" class=\"alignnone size-thumbnail wp-image-4609\" src=\"http:\/\/www.grundschule-am-stadtpark-steglitz.de\/wp-content\/uploads\/2014\/10\/K800_DSCF9273-150x150.jpg\" alt=\"K800_DSCF9273\" width=\"150\" height=\"150\"><\/a><\/p>\n<p style=\"text-align: justify;\"><a href=\"http:\/\/www.grundschule-am-stadtpark-steglitz.de\/wp-content\/uploads\/2014\/10\/K800_DSCF9289.jpg\"><img loading=\"lazy\" decoding=\"async\" class=\"alignnone size-thumbnail wp-image-4610\" src=\"http:\/\/www.grundschule-am-stadtpark-steglitz.de\/wp-content\/uploads\/2014\/10\/K800_DSCF9289-150x150.jpg\" alt=\"K800_DSCF9289\" width=\"150\" height=\"150\"><\/a>&nbsp;<a href=\"http:\/\/www.grundschule-am-stadtpark-steglitz.de\/wp-content\/uploads\/2014\/10\/K800_DSCF9300.jpg\"><img loading=\"lazy\" decoding=\"async\" class=\"alignnone size-thumbnail wp-image-4611\" src=\"http:\/\/www.grundschule-am-stadtpark-steglitz.de\/wp-content\/uploads\/2014\/10\/K800_DSCF9300-150x150.jpg\" alt=\"K800_DSCF9300\" width=\"150\" height=\"150\"><\/a><\/p>\n<p style=\"text-align: justify;\">In den sechsten Klassen sehen wir uns das Leben der Juden genauer an und probieren die Kippas und Talliths (Gebetsm\u00e4ntel) selber aus.<\/p>\n<p style=\"text-align: justify;\"><a href=\"http:\/\/www.grundschule-am-stadtpark-steglitz.de\/wp-content\/uploads\/2014\/10\/K800_DSCF9239.jpg\"><img loading=\"lazy\" decoding=\"async\" class=\"alignnone size-thumbnail wp-image-4605\" src=\"http:\/\/www.grundschule-am-stadtpark-steglitz.de\/wp-content\/uploads\/2014\/10\/K800_DSCF9239-150x150.jpg\" alt=\"K800_DSCF9239\" width=\"150\" height=\"150\"><\/a>&nbsp;<a href=\"http:\/\/www.grundschule-am-stadtpark-steglitz.de\/wp-content\/uploads\/2014\/10\/K800_DSCF9244.jpg\"><img loading=\"lazy\" decoding=\"async\" class=\"alignnone size-thumbnail wp-image-4606\" src=\"http:\/\/www.grundschule-am-stadtpark-steglitz.de\/wp-content\/uploads\/2014\/10\/K800_DSCF9244-150x150.jpg\" alt=\"K800_DSCF9244\" width=\"150\" height=\"150\"><\/a><\/p>\n<p style=\"text-align: justify;\">Mit f\u00fcnf Klassen haben wir gemeinsam mit den katholischen Kindern ein wundersch\u00f6nes Erntedankfest gefeiert. Mit gro\u00dfem <em>&#8222;AHH!&#8220;<\/em> und <em>&#8222;OHH!&#8220;<\/em> bewunderten die Kinder den Erntedanktisch. Es war ein wunderbar warmes Fest.<\/p>\n<p style=\"text-align: justify;\"><a href=\"http:\/\/www.grundschule-am-stadtpark-steglitz.de\/wp-content\/uploads\/2014\/10\/K800_DSCF9356.jpg\"><img loading=\"lazy\" decoding=\"async\" class=\"alignnone size-thumbnail wp-image-4619\" src=\"http:\/\/www.grundschule-am-stadtpark-steglitz.de\/wp-content\/uploads\/2014\/10\/K800_DSCF9356-150x150.jpg\" alt=\"K800_DSCF9356\" width=\"150\" height=\"150\"><\/a>&nbsp;<a href=\"http:\/\/www.grundschule-am-stadtpark-steglitz.de\/wp-content\/uploads\/2014\/10\/K800_DSCF9361.jpg\"><img loading=\"lazy\" decoding=\"async\" class=\"alignnone size-thumbnail wp-image-4620\" src=\"http:\/\/www.grundschule-am-stadtpark-steglitz.de\/wp-content\/uploads\/2014\/10\/K800_DSCF9361-150x150.jpg\" alt=\"K800_DSCF9361\" width=\"150\" height=\"150\"><\/a>&nbsp;<a href=\"http:\/\/www.grundschule-am-stadtpark-steglitz.de\/wp-content\/uploads\/2014\/10\/K800_DSCF9368.jpg\"><img loading=\"lazy\" decoding=\"async\" class=\"alignnone size-thumbnail wp-image-4621\" src=\"http:\/\/www.grundschule-am-stadtpark-steglitz.de\/wp-content\/uploads\/2014\/10\/K800_DSCF9368-150x150.jpg\" alt=\"K800_DSCF9368\" width=\"150\" height=\"150\"><\/a>&nbsp;<a href=\"http:\/\/www.grundschule-am-stadtpark-steglitz.de\/wp-content\/uploads\/2014\/10\/K800_DSCF9375.jpg\"><img loading=\"lazy\" decoding=\"async\" class=\"alignnone size-thumbnail wp-image-4622\" src=\"http:\/\/www.grundschule-am-stadtpark-steglitz.de\/wp-content\/uploads\/2014\/10\/K800_DSCF9375-150x150.jpg\" alt=\"K800_DSCF9375\" width=\"150\" height=\"150\"><\/a><\/p>\n<p style=\"text-align: justify;\">Wer einen so abwechslungsreichen Unterricht f\u00fcr sein Kind haben m\u00f6chte, der sollte sein Kind in evangelischen Religionsunterricht anmelden. Ich freue mich auf Ihr Kind&#8230;<\/p>\n<p style=\"text-align: justify;\">Fr. L\u00f6wigt (ev. Religionslehrerin im Oktober 2014)<\/p>\n<hr>\n<p style=\"text-align: justify;\">Es lohnt mal wieder mit offenen Augen durch unsere Schule zu gehen. Die Sch\u00fcler\/ innen der 5a\/c und d haben sehr sch\u00f6ne Bilder zur Ostergeschichte rund um Jesus gemalt. Man kann diese Bilder im Erdgeschoss unserer Schule betrachten. Viel Freude beim betrachten der Bilder. Es w\u00e4re sch\u00f6n, wenn die Bilder nicht durch Sch\u00fcler bemalt oder kaputt gemacht werden. Die evangelischen Religionskinder w\u00fcnschen allen Eltern und Kindern eine sch\u00f6ne Passionszeit.<\/p>\n<p style=\"text-align: justify;\"><span style=\"font-size: 10px;\"><em>Petra L\u00f6wigt (im M\u00e4rz 2014)<\/em><\/span><\/p>\n<p><a href=\"http:\/\/www.grundschule-am-stadtpark-steglitz.de\/wp-content\/uploads\/2013\/06\/M\u00e4rz1.jpg\"><img loading=\"lazy\" decoding=\"async\" class=\"size-thumbnail wp-image-2905 alignleft\" src=\"http:\/\/www.grundschule-am-stadtpark-steglitz.de\/wp-content\/uploads\/2013\/06\/M\u00e4rz1-150x150.jpg\" alt=\"M\u00e4rz1\" width=\"150\" height=\"150\"><\/a>&nbsp;<a href=\"http:\/\/www.grundschule-am-stadtpark-steglitz.de\/wp-content\/uploads\/2013\/06\/M\u00e4rz2.jpg\"><img loading=\"lazy\" decoding=\"async\" class=\"size-thumbnail wp-image-2906 alignleft\" src=\"http:\/\/www.grundschule-am-stadtpark-steglitz.de\/wp-content\/uploads\/2013\/06\/M\u00e4rz2-150x150.jpg\" alt=\"M\u00e4rz2\" width=\"150\" height=\"150\"><\/a>&nbsp;<a href=\"http:\/\/www.grundschule-am-stadtpark-steglitz.de\/wp-content\/uploads\/2013\/06\/M\u00e4rz3.jpg\"><img loading=\"lazy\" decoding=\"async\" class=\"size-thumbnail wp-image-2907 alignleft\" src=\"http:\/\/www.grundschule-am-stadtpark-steglitz.de\/wp-content\/uploads\/2013\/06\/M\u00e4rz3-150x150.jpg\" alt=\"M\u00e4rz3\" width=\"150\" height=\"150\"><\/a><\/p>\n<p style=\"text-align: center;\"><a href=\"http:\/\/www.grundschule-am-stadtpark-steglitz.de\/wp-content\/uploads\/2013\/06\/M\u00e4rz4.jpg\"><img loading=\"lazy\" decoding=\"async\" class=\"alignnone size-medium wp-image-2908\" src=\"http:\/\/www.grundschule-am-stadtpark-steglitz.de\/wp-content\/uploads\/2013\/06\/M\u00e4rz4-300x225.jpg\" alt=\"M\u00e4rz4\" width=\"300\" height=\"225\" srcset=\"https:\/\/www.grundschule-am-stadtpark-steglitz.de\/wp-content\/uploads\/2013\/06\/M\u00e4rz4-300x225.jpg 300w, https:\/\/www.grundschule-am-stadtpark-steglitz.de\/wp-content\/uploads\/2013\/06\/M\u00e4rz4.jpg 800w\" sizes=\"auto, (max-width: 300px) 100vw, 300px\" \/><\/a><\/p>\n<hr>\n<p>&nbsp;<\/p>\n<p style=\"text-align: justify;\">Mit den ersten Klassen erarbeiten wir gerade das Leben von Jesus. Wir erleben wie Jesus aus Fischern Menschenfischer macht, den blinden Bartim\u00e4us heilt oder der Z\u00f6llner Zach\u00e4us sein Zollamt aufgibt, damit er wieder in Frieden mit Freunden leben kann. Um all das m\u00f6glichst abwechslungsreich zu erarbeiten, malen wir, basteln Boote, kleben Puzzle oder spielen das Leben der Juden in Rollenspielen nach.<\/p>\n<p style=\"text-align: justify;\"><em>Petra L\u00f6wigt <span style=\"font-size: 10px;\">(im Februar 2014)<\/span><\/em><\/p>\n<p style=\"text-align: justify;\"><a href=\"http:\/\/www.grundschule-am-stadtpark-steglitz.de\/wp-content\/uploads\/2013\/06\/DSCF9095.jpg\"><img loading=\"lazy\" decoding=\"async\" class=\"alignnone size-thumbnail wp-image-2844\" src=\"http:\/\/www.grundschule-am-stadtpark-steglitz.de\/wp-content\/uploads\/2013\/06\/DSCF9095-150x150.jpg\" alt=\"DSCF9095\" width=\"150\" height=\"150\"><\/a>&nbsp;<a href=\"http:\/\/www.grundschule-am-stadtpark-steglitz.de\/wp-content\/uploads\/2013\/06\/DSCF9098.jpg\"><img loading=\"lazy\" decoding=\"async\" class=\"alignnone size-thumbnail wp-image-2845\" src=\"http:\/\/www.grundschule-am-stadtpark-steglitz.de\/wp-content\/uploads\/2013\/06\/DSCF9098-150x150.jpg\" alt=\"DSCF9098\" width=\"150\" height=\"150\"><\/a>&nbsp;<a href=\"http:\/\/www.grundschule-am-stadtpark-steglitz.de\/wp-content\/uploads\/2013\/06\/DSCF9099.jpg\"><img loading=\"lazy\" decoding=\"async\" class=\"alignnone size-thumbnail wp-image-2846\" src=\"http:\/\/www.grundschule-am-stadtpark-steglitz.de\/wp-content\/uploads\/2013\/06\/DSCF9099-150x150.jpg\" alt=\"DSCF9099\" width=\"150\" height=\"150\"><\/a><\/p>\n<p style=\"text-align: justify;\"><a href=\"http:\/\/www.grundschule-am-stadtpark-steglitz.de\/wp-content\/uploads\/2013\/06\/DSCF9102.jpg\"><img loading=\"lazy\" decoding=\"async\" class=\"alignnone size-thumbnail wp-image-2847\" src=\"http:\/\/www.grundschule-am-stadtpark-steglitz.de\/wp-content\/uploads\/2013\/06\/DSCF9102-150x150.jpg\" alt=\"DSCF9102\" width=\"150\" height=\"150\"><\/a>&nbsp;<a href=\"http:\/\/www.grundschule-am-stadtpark-steglitz.de\/wp-content\/uploads\/2013\/06\/DSCF9104.jpg\"><img loading=\"lazy\" decoding=\"async\" class=\"alignnone size-thumbnail wp-image-2848\" src=\"http:\/\/www.grundschule-am-stadtpark-steglitz.de\/wp-content\/uploads\/2013\/06\/DSCF9104-150x150.jpg\" alt=\"DSCF9104\" width=\"150\" height=\"150\"><\/a>&nbsp;<a href=\"http:\/\/www.grundschule-am-stadtpark-steglitz.de\/wp-content\/uploads\/2013\/06\/DSCF9115.jpg\"><img loading=\"lazy\" decoding=\"async\" class=\"alignnone size-thumbnail wp-image-2849\" src=\"http:\/\/www.grundschule-am-stadtpark-steglitz.de\/wp-content\/uploads\/2013\/06\/DSCF9115-150x150.jpg\" alt=\"DSCF9115\" width=\"150\" height=\"150\"><\/a><\/p>\n<hr>\n<p><span style=\"text-decoration: underline;\"><span style=\"color: #000000; text-decoration: underline;\">Zeitzeuge<\/span><\/span><\/p>\n<p style=\"text-align: justify;\"><span style=\"color: #000000;\"><a href=\"http:\/\/www.grundschule-am-stadtpark-steglitz.de\/wp-content\/uploads\/2013\/06\/DSCF9071.jpg\"><img loading=\"lazy\" decoding=\"async\" class=\"size-thumbnail wp-image-2516 alignleft\" src=\"http:\/\/www.grundschule-am-stadtpark-steglitz.de\/wp-content\/uploads\/2013\/06\/DSCF9071-150x150.jpg\" alt=\"DSCF9071\" width=\"150\" height=\"150\"><\/a>Heute hatten wir Herrn Mario R\u00f6llig als Gast. Er erz\u00e4hlte aus seinem Leben in der damaligen DDR. <\/span><br \/>\n<span style=\"color: #000000;\">Als Restaurantangestellter lebte er dort so lange gl\u00fccklich, bis ihn die Staatssicherheit als Spitzel anwerben wollte. Bei seinem Fluchtversuch \u00fcber Jugoslawien wurde er verhaftet und sollte zu 2 bis 8 Jahren Gef\u00e4ngnis verurteilt werden. Zum Gl\u00fcck wurde er bereits nach dreimonatiger Haft vom \u201eWesten\u201c frei gekauft, musste aber noch ein weiteres Jahr in der DDR ausharren, bis er am 8.3.1988 endlich ausreisen durfte. <\/span><br \/>\n<span style=\"color: #000000;\">Seine Haftzeit und eine sp\u00e4tere Begegnung mit seinem Vernehmer aus Hohensch\u00f6nhausen warfen ihn aus der Bahn. Heute verarbeitet er seine schweren Erlebnisse und erz\u00e4hlt Sch\u00fclern und Interessierten aus seinem Leben. Es war ein sehr interessanter Unterrichtsbesuch. <\/span><br \/>\n<span style=\"color: #000000;\">Danke Herr R\u00f6llig und auch einen gro\u00dfen Dank an die Kinder der 5a, 5c und 5d.<\/span><\/p>\n<p style=\"text-align: justify;\"><a href=\"http:\/\/www.grundschule-am-stadtpark-steglitz.de\/wp-content\/uploads\/2013\/06\/DSCF9075.jpg\"><img loading=\"lazy\" decoding=\"async\" class=\"alignnone size-full wp-image-2517\" src=\"http:\/\/www.grundschule-am-stadtpark-steglitz.de\/wp-content\/uploads\/2013\/06\/DSCF9075.jpg\" alt=\"DSCF9075\" width=\"800\" height=\"600\" srcset=\"https:\/\/www.grundschule-am-stadtpark-steglitz.de\/wp-content\/uploads\/2013\/06\/DSCF9075.jpg 800w, https:\/\/www.grundschule-am-stadtpark-steglitz.de\/wp-content\/uploads\/2013\/06\/DSCF9075-300x225.jpg 300w\" sizes=\"auto, (max-width: 800px) 100vw, 800px\" \/><\/a><\/p>\n<p><em><span style=\"color: #000000;\">P. L\u00f6wigt (ev. Religionslehrerin)<\/span><\/em><\/p>\n<hr>\n<p style=\"text-align: justify;\">Unser heutiger Besuch im Dom zum Bu\u00df- und Bettag stand unter dem Motto Mobbing. Wie schon beim Reformationstag hat Domprediger Michael K\u00f6sling die Gabe so zu reden, dass auch Sch\u00fcler ihn gut verstehen und man merkt, dass er sich gut in Kinder hinein versetzten kann. <a href=\"http:\/\/www.grundschule-am-stadtpark-steglitz.de\/wp-content\/uploads\/2013\/06\/DSCF9044.jpg\"><img loading=\"lazy\" decoding=\"async\" class=\"size-thumbnail wp-image-2105 alignright\" src=\"http:\/\/www.grundschule-am-stadtpark-steglitz.de\/wp-content\/uploads\/2013\/06\/DSCF9044-150x150.jpg\" alt=\"DSCF9044\" width=\"150\" height=\"150\"><\/a><\/p>\n<p style=\"text-align: justify;\">Er und Diakonin Tanja Strebelow haben mit der Josephsgeschichte das Mobbingthema eingeleitet und in unsere heutige Zeit \u00fcbersetzt.<br \/>\nDie Gute Botschaft: Jeder kann immer gegen Mobbing t\u00e4tig werden. Das Opfer aus seiner Rolle herausholen in dem man zu ihm steht, es umarmt, mitnimmt obwohl die anderen es dissen.<br \/>\nJeder Mobber kann auch aus seiner Rolle raus, indem er umdenkt, sein Handeln reflektiert, mit jemanden \u00fcber sein Verhalten spricht, wobei Gott in jedem Fall ein guter Zuh\u00f6rer ist.<\/p>\n<p style=\"text-align: justify;\"><a href=\"http:\/\/www.grundschule-am-stadtpark-steglitz.de\/wp-content\/uploads\/2013\/06\/DSCF9045.jpg\"><img loading=\"lazy\" decoding=\"async\" class=\"size-thumbnail wp-image-2106 alignleft\" src=\"http:\/\/www.grundschule-am-stadtpark-steglitz.de\/wp-content\/uploads\/2013\/06\/DSCF9045-150x150.jpg\" alt=\"DSCF9045\" width=\"150\" height=\"150\"><\/a>Abgerundet wurde der Tag durch die coole Band &#8222;Etepetete&#8220;, die richtig rockige Lieder mit uns gesungen hat. Kurz es war ein sehr gelungener Bu\u00df-und Bettag.<\/p>\n<p style=\"text-align: justify;\">Es war ein sehr sch\u00f6ner Tag danke daf\u00fcr an die Klassen 5a und 5d.<\/p>\n<p style=\"text-align: justify;\"><em>Petra L\u00f6wigt<\/em><\/p>\n<p style=\"text-align: center;\">_________________________________________________________________________<\/p>\n<p style=\"text-align: justify;\">Passend zum 11.11. haben wir uns in den ersten Klassen mit der Geschichte vom heiligen Martin besch\u00e4ftigt. Martin war ein Soldat, der in einem besonders harten Winter seinen warmen Mantel mit einem armen Bettler geteilt hat. Wir haben nicht nur die Geschichte geh\u00f6rt, sondern auch das dazu geh\u00f6rende Martinslied gespielt und gesungen. Hier ein paar Bilder unseres Rollenspiels:<br \/>\n<a href=\"http:\/\/www.grundschule-am-stadtpark-steglitz.de\/wp-content\/uploads\/2013\/06\/251.jpg\"><img loading=\"lazy\" decoding=\"async\" class=\"alignnone size-thumbnail wp-image-1985\" src=\"http:\/\/www.grundschule-am-stadtpark-steglitz.de\/wp-content\/uploads\/2013\/06\/251-150x150.jpg\" alt=\"25\" width=\"150\" height=\"150\"><\/a>&nbsp;<a href=\"http:\/\/www.grundschule-am-stadtpark-steglitz.de\/wp-content\/uploads\/2013\/06\/26.jpg\"><img loading=\"lazy\" decoding=\"async\" class=\"alignnone size-thumbnail wp-image-1986\" src=\"http:\/\/www.grundschule-am-stadtpark-steglitz.de\/wp-content\/uploads\/2013\/06\/26-150x150.jpg\" alt=\"26\" width=\"150\" height=\"150\"><\/a>&nbsp;<a href=\"http:\/\/www.grundschule-am-stadtpark-steglitz.de\/wp-content\/uploads\/2013\/06\/27.jpg\"><img loading=\"lazy\" decoding=\"async\" class=\"alignnone size-thumbnail wp-image-1987\" src=\"http:\/\/www.grundschule-am-stadtpark-steglitz.de\/wp-content\/uploads\/2013\/06\/27-150x150.jpg\" alt=\"27\" width=\"150\" height=\"150\"><\/a><\/p>\n<p style=\"text-align: justify;\"><a href=\"http:\/\/www.grundschule-am-stadtpark-steglitz.de\/wp-content\/uploads\/2013\/06\/28.jpg\"><img loading=\"lazy\" decoding=\"async\" class=\"alignnone size-thumbnail wp-image-1988\" src=\"http:\/\/www.grundschule-am-stadtpark-steglitz.de\/wp-content\/uploads\/2013\/06\/28-150x150.jpg\" alt=\"28\" width=\"150\" height=\"150\"><\/a>&nbsp;<a href=\"http:\/\/www.grundschule-am-stadtpark-steglitz.de\/wp-content\/uploads\/2013\/06\/29.jpg\"><img loading=\"lazy\" decoding=\"async\" class=\"alignnone size-thumbnail wp-image-1989\" src=\"http:\/\/www.grundschule-am-stadtpark-steglitz.de\/wp-content\/uploads\/2013\/06\/29-150x150.jpg\" alt=\"29\" width=\"150\" height=\"150\"><\/a>&nbsp;<a href=\"http:\/\/www.grundschule-am-stadtpark-steglitz.de\/wp-content\/uploads\/2013\/06\/30.jpg\"><img loading=\"lazy\" decoding=\"async\" class=\"alignnone size-thumbnail wp-image-1990\" src=\"http:\/\/www.grundschule-am-stadtpark-steglitz.de\/wp-content\/uploads\/2013\/06\/30-150x150.jpg\" alt=\"30\" width=\"150\" height=\"150\"><\/a><\/p>\n<p>Sankt Martin<\/p>\n<p>Sankt Martin, Sankt Martin,<br \/>\nSankt Martin ritt durch Schnee und Wind,<br \/>\nsein Ross, das trug ihn fort geschwind.<br \/>\nSankt Martin ritt mit leichtem Mut,<br \/>\nsein Mantel deckt ihn warm und gut.<\/p>\n<p>Im Schnee sa\u00df, im Schnee sa\u00df,<br \/>\nim Schnee, da sa\u00df ein armer Mann,<br \/>\nhat Kleider nicht, hat Lumpen an:<br \/>\n\u201eOh helft mir doch in meiner Not,<br \/>\nsonst ist der bitte Frost mein Tod!\u201c<\/p>\n<p>Sankt Martin, Sankt Martin,<br \/>\nSankt Martin zieht die Z\u00fcgel an,<br \/>\nsein Ross steht still beim braven Mann.<br \/>\nSankt Martin mit dem Schwerte teilt<br \/>\nden warmen Mantel unverweilt.<\/p>\n<p>Sankt Martin, Sankt Martin,<br \/>\nSankt Martin gibt den halben still,<br \/>\nder Bettler rasch ihm danken will.<br \/>\nSankt Martin aber ritt in Eil<br \/>\nhinweg mit seinem Mantelteil.<\/p>\n<p>Sankt Martin, Sankt Martin,<br \/>\nSankt Martin legt sich m\u00fcd zur Ruh,<br \/>\nda tritt im Traum der Herr hinzu.<br \/>\nEr tr\u00e4gt des Mantels St\u00fcck als Kleid,<br \/>\nsein Antlitz strahlet Lieblichkeit.<\/p>\n<p style=\"text-align: justify;\">Sankt Martin, Sankt Martin,<br \/>\nSankt Martin sieht ihn staunend an,<br \/>\nder Herr zeigt ihm die Wege an.<br \/>\nEr f\u00e4hrt in seine Kirch\u2019 ihn ein<br \/>\nund Martin will sein J\u00fcnger sein.<\/p>\n<p>Sankt Martin, Sankt Martin,<br \/>\nSankt Martin wurde Priester gar<br \/>\nund dient fromm an dem Altar.<br \/>\nDas ziert ihn wohl bis an das Grab,<br \/>\nzuletzt trug er den Bischofstab.<\/p>\n<p>Sankt Martin, Sankt Martin,<br \/>\nSankt Martin, o du Gottesmann,<br \/>\nnun h\u00f6re unser Flehen an.<br \/>\nO bitt f\u00fcr uns in dieser Zeit<br \/>\nund f\u00fchre uns zur Seligkeit.<\/p>\n<p><em>Petra L\u00f6wigt<\/em><\/p>\n<p style=\"text-align: justify;\">_______________________________________________________________________<\/p>\n<p style=\"text-align: justify;\"><strong>Am 31.10.2013 ist nicht nur Halloween, sondern und vor allem der REFORMATIONSTAG!<\/strong><\/p>\n<p style=\"text-align: justify;\">Laut der \u00dcberlieferung soll der M\u00f6nch und Theologieprofessor Martin Luther am Tag vor Allerheiligen 1517 an die T\u00fcr der Schlosskirche zu Wittenberg 95 Thesen in lateinischer Sprache zu Ablass und Bu\u00dfe angeschlagen haben, um eine akademische Disputation herbeizuf\u00fchren. Damit leitete er die Reformation der Kirche ein.<br \/>\nIm Kern bestritt er die herrschende Ansicht, dass eine Erl\u00f6sung von der S\u00fcnde durch einen Ablass in Form einer Geldzahlung m\u00f6glich sei. Dies sei schon durch das Opfer Jesu am Kreuz geschehen.<br \/>\nAus diesem erinnerungsw\u00fcrdigem Tag waren heute die ev. Sch\u00fclerinnen der Klassen 6a und 6b im Dom in der Mitte von Berlin und haben einen Jugendgottesdienst besucht.<\/p>\n<p style=\"text-align: center;\"><a href=\"http:\/\/www.grundschule-am-stadtpark-steglitz.de\/wp-content\/uploads\/2013\/06\/131.jpg\"><img loading=\"lazy\" decoding=\"async\" class=\"size-medium wp-image-1924 aligncenter\" src=\"http:\/\/www.grundschule-am-stadtpark-steglitz.de\/wp-content\/uploads\/2013\/06\/131-300x225.jpg\" alt=\"13\" width=\"300\" height=\"225\" srcset=\"https:\/\/www.grundschule-am-stadtpark-steglitz.de\/wp-content\/uploads\/2013\/06\/131-300x225.jpg 300w, https:\/\/www.grundschule-am-stadtpark-steglitz.de\/wp-content\/uploads\/2013\/06\/131.jpg 800w\" sizes=\"auto, (max-width: 300px) 100vw, 300px\" \/><\/a><\/p>\n<p style=\"text-align: justify;\">Der Gottesdienst stand unter dem Motto: Mein Traum von Kirche!, und zu diesem Thema haben Sch\u00fcler eines K\u00f6penicker evangelischen Gymnasiums eine entsprechende Predigt gehalten. Sie w\u00fcnschen sich eine f\u00fcr alle offene Kirche, die keinen ausgrenzt, f\u00fcr alle immer da ist, eine Zuflucht bietet und nicht nur f\u00fcr protzigen Reichtum, wie in Worms von Tebartz-van Elst gerade traurig zu beobachten ist, steht. Es war ein beschwingter Gottesdienst, der die Vorstellungen der Sch\u00fcler in den Mittelpunkt gestellt hat. Vormittags Kirche, dann sei auch am Abend das Geisterwesen erlaubt.<\/p>\n<p style=\"text-align: justify;\"><em>P. L\u00f6wigt<\/em><\/p>\n<p style=\"text-align: justify;\"><a href=\"http:\/\/www.grundschule-am-stadtpark-steglitz.de\/wp-content\/uploads\/2013\/06\/171.jpg\"><img loading=\"lazy\" decoding=\"async\" class=\"alignnone size-thumbnail wp-image-1928\" src=\"http:\/\/www.grundschule-am-stadtpark-steglitz.de\/wp-content\/uploads\/2013\/06\/171-150x150.jpg\" alt=\"17\" width=\"150\" height=\"150\"><\/a>&nbsp;<a href=\"http:\/\/www.grundschule-am-stadtpark-steglitz.de\/wp-content\/uploads\/2013\/06\/181.jpg\"><img loading=\"lazy\" decoding=\"async\" class=\"alignnone size-thumbnail wp-image-1929\" src=\"http:\/\/www.grundschule-am-stadtpark-steglitz.de\/wp-content\/uploads\/2013\/06\/181-150x150.jpg\" alt=\"18\" width=\"150\" height=\"150\"><\/a>&nbsp;<a href=\"http:\/\/www.grundschule-am-stadtpark-steglitz.de\/wp-content\/uploads\/2013\/06\/191.jpg\"><img loading=\"lazy\" decoding=\"async\" class=\"alignnone size-thumbnail wp-image-1935\" src=\"http:\/\/www.grundschule-am-stadtpark-steglitz.de\/wp-content\/uploads\/2013\/06\/191-150x150.jpg\" alt=\"19\" width=\"150\" height=\"150\"><\/a><\/p>\n<p style=\"text-align: justify;\">_____________________________________________________________________<\/p>\n<p style=\"text-align: justify;\"><span style=\"text-decoration: underline;\"><span style=\"font-size: 14px;\"><strong>Unser Besuch im Blindenmuseum&#8230;<\/strong><\/span><\/span><\/p>\n<p style=\"text-align: justify;\">&#8230;war ein weiteres sch\u00f6nes Erlebnis unserer Blindeneinheit. Jonas und Thomas, beide blind, f\u00fchrten uns durch das Museum. Sie zeigten uns wie Blinde lesen, wie dick Blindenb\u00fccher im Vergleich zu unseren B\u00fcchern sind. Die Kinder durften selber mit der Blindenschreibmaschine schreiben oder in einer Schreibschablone die Blindenschrift ausprobieren.<br \/>\nWir haben sprechende und zu ertastende Uhren kennen gelernt. Unser Zauberw\u00fcrfel wurde f\u00fcr Blinde mit verschiedenen Aufklebern als Tastw\u00fcrfel umgebaut. Zum Abschluss der Blindeneinheit werden die Kinder jetzt noch Alltagssituationen, bei denen Blinde Hilfe ben\u00f6tigen (wie helfe ich im Bus, beim Besuch der Toilette, beim F\u00fchren durch die Stra\u00dfe u.s.w.) einmal falsch und dann richtig darstellen. So sollen sie in Zukunft sicherer im Umgang mit blinden Menschen werden.<br \/>\nEs hat mir viel Freude gemacht wie begeistert ihr diese Einheit mitgestaltet habt. Ohne eure Begeisterung w\u00e4re die Einheit nur halb so sch\u00f6n geworden.<\/p>\n<p><em>P. L\u00f6wigt<\/em><\/p>\n<div id=\"attachment_1904\" style=\"width: 122px\" class=\"wp-caption alignleft\"><a href=\"http:\/\/www.grundschule-am-stadtpark-steglitz.de\/wp-content\/uploads\/2013\/06\/53.jpg\"><img loading=\"lazy\" decoding=\"async\" aria-describedby=\"caption-attachment-1904\" class=\"size-thumbnail wp-image-1904 \" src=\"http:\/\/www.grundschule-am-stadtpark-steglitz.de\/wp-content\/uploads\/2013\/06\/53-150x150.jpg\" alt=\"5\" width=\"112\" height=\"96\"><\/a><p id=\"caption-attachment-1904\" class=\"wp-caption-text\">Jonas und Thomas f\u00fchrten uns durch das Museum<\/p><\/div>\n<p>&nbsp;<\/p>\n<div id=\"attachment_1905\" style=\"width: 122px\" class=\"wp-caption alignleft\"><a href=\"http:\/\/www.grundschule-am-stadtpark-steglitz.de\/wp-content\/uploads\/2013\/06\/61.jpg\"><img loading=\"lazy\" decoding=\"async\" aria-describedby=\"caption-attachment-1905\" class=\"size-thumbnail wp-image-1905 \" src=\"http:\/\/www.grundschule-am-stadtpark-steglitz.de\/wp-content\/uploads\/2013\/06\/61-150x150.jpg\" alt=\"6\" width=\"112\" height=\"100\"><\/a><p id=\"caption-attachment-1905\" class=\"wp-caption-text\">So benutzt man den Taststock<\/p><\/div>\n<div id=\"attachment_1906\" style=\"width: 135px\" class=\"wp-caption alignleft\"><a href=\"http:\/\/www.grundschule-am-stadtpark-steglitz.de\/wp-content\/uploads\/2013\/06\/71.jpg\"><img loading=\"lazy\" decoding=\"async\" aria-describedby=\"caption-attachment-1906\" class=\"size-thumbnail wp-image-1906 \" src=\"http:\/\/www.grundschule-am-stadtpark-steglitz.de\/wp-content\/uploads\/2013\/06\/71-150x150.jpg\" alt=\"7\" width=\"125\" height=\"109\"><\/a><p id=\"caption-attachment-1906\" class=\"wp-caption-text\">Blindentastschrift<\/p><\/div>\n<div id=\"attachment_1909\" style=\"width: 152px\" class=\"wp-caption alignleft\"><a href=\"http:\/\/www.grundschule-am-stadtpark-steglitz.de\/wp-content\/uploads\/2013\/06\/101.jpg\"><img loading=\"lazy\" decoding=\"async\" aria-describedby=\"caption-attachment-1909\" class=\"size-thumbnail wp-image-1909 \" src=\"http:\/\/www.grundschule-am-stadtpark-steglitz.de\/wp-content\/uploads\/2013\/06\/101-150x150.jpg\" alt=\"10\" width=\"142\" height=\"121\"><\/a><p id=\"caption-attachment-1909\" class=\"wp-caption-text\">Blindentastuhr<\/p><\/div>\n<div id=\"attachment_1908\" style=\"width: 169px\" class=\"wp-caption alignleft\"><a href=\"http:\/\/www.grundschule-am-stadtpark-steglitz.de\/wp-content\/uploads\/2013\/06\/91.jpg\"><img loading=\"lazy\" decoding=\"async\" aria-describedby=\"caption-attachment-1908\" class=\"wp-image-1908 \" src=\"http:\/\/www.grundschule-am-stadtpark-steglitz.de\/wp-content\/uploads\/2013\/06\/91-150x150.jpg\" alt=\"9\" width=\"159\" height=\"142\"><\/a><p id=\"caption-attachment-1908\" class=\"wp-caption-text\">Eine Blindenschreibschablone<\/p><\/div>\n<p style=\"text-align: justify;\"><a href=\"http:\/\/www.grundschule-am-stadtpark-steglitz.de\/wp-content\/uploads\/2013\/06\/81.jpg\"><img loading=\"lazy\" decoding=\"async\" class=\"size-thumbnail wp-image-1907 alignleft\" src=\"http:\/\/www.grundschule-am-stadtpark-steglitz.de\/wp-content\/uploads\/2013\/06\/81-150x150.jpg\" alt=\"8\" width=\"143\" height=\"163\"><\/a><\/p>\n<div id=\"attachment_1910\" style=\"width: 125px\" class=\"wp-caption alignleft\"><a href=\"http:\/\/www.grundschule-am-stadtpark-steglitz.de\/wp-content\/uploads\/2013\/06\/111.jpg\"><img loading=\"lazy\" decoding=\"async\" aria-describedby=\"caption-attachment-1910\" class=\"wp-image-1910 \" src=\"http:\/\/www.grundschule-am-stadtpark-steglitz.de\/wp-content\/uploads\/2013\/06\/111-150x150.jpg\" alt=\"11\" width=\"115\" height=\"95\"><\/a><p id=\"caption-attachment-1910\" class=\"wp-caption-text\">Mit dem Geldscheintester wissen<br \/>Blinde den Wert eines Geldscheins<\/p><\/div>\n<div id=\"attachment_1911\" style=\"width: 183px\" class=\"wp-caption aligncenter\"><a href=\"http:\/\/www.grundschule-am-stadtpark-steglitz.de\/wp-content\/uploads\/2013\/06\/121.jpg\"><img loading=\"lazy\" decoding=\"async\" aria-describedby=\"caption-attachment-1911\" class=\"wp-image-1911 \" src=\"http:\/\/www.grundschule-am-stadtpark-steglitz.de\/wp-content\/uploads\/2013\/06\/121-150x150.jpg\" alt=\"12\" width=\"173\" height=\"140\"><\/a><p id=\"caption-attachment-1911\" class=\"wp-caption-text\">Der Tastglobus<\/p><\/div>\n<p style=\"text-align: justify;\">__________________________________________________________________<\/p>\n<p style=\"text-align: justify;\"><a href=\"http:\/\/www.grundschule-am-stadtpark-steglitz.de\/wp-content\/uploads\/2013\/06\/110.jpg\"><img loading=\"lazy\" decoding=\"async\" class=\"size-medium wp-image-1843 alignleft\" src=\"http:\/\/www.grundschule-am-stadtpark-steglitz.de\/wp-content\/uploads\/2013\/06\/110-300x225.jpg\" alt=\"1\" width=\"145\" height=\"103\"><\/a><\/p>\n<p style=\"text-align: justify;\">Wir hatten das Gl\u00fcck, den 26j\u00e4hrigen Roman R. in unserer Schule begr\u00fc\u00dfen zu d\u00fcrfen. Roman ist j\u00fcdischen Glaubens und hat uns viele interessante Dinge aus seinem j\u00fcdischen Leben erz\u00e4hlt. Er hat uns gezeigt wie er den Tefillin, die Gebetsriemen, anlegt. <a href=\"http:\/\/www.grundschule-am-stadtpark-steglitz.de\/wp-content\/uploads\/2013\/06\/33.jpg\"><img loading=\"lazy\" decoding=\"async\" class=\"size-medium wp-image-1845 alignright\" src=\"http:\/\/www.grundschule-am-stadtpark-steglitz.de\/wp-content\/uploads\/2013\/06\/33-300x225.jpg\" alt=\"3\" width=\"174\" height=\"92\"><\/a><\/p>\n<p style=\"text-align: justify;\">Durch ihn wissen wir, wie ein gl\u00e4ubiger Jude den Tallit, den Gebetsmantel, anlegt. Au\u00dferdem durften wir den Tallit Katan kennen lernen. Der ein allt\u00e4glicher Gebetsmantel ist.<br \/>\nWir wurden dar\u00fcber informiert, dass der Davidstern (benannt nach K\u00f6nig David, der als kleiner Hirtenjunge den starken Goliath mit einer Steinschleuder besiegt hat) erst seit dem Mittelalter das Symbol f\u00fcr das Judentum darstellt. Vorher war die Menora, der siebenarmige Leuchter, das Symbol f\u00fcr das Judentum.<br \/>\n<a href=\"http:\/\/www.grundschule-am-stadtpark-steglitz.de\/wp-content\/uploads\/2013\/06\/43.jpg\"><img loading=\"lazy\" decoding=\"async\" class=\"size-medium wp-image-1846 alignleft\" src=\"http:\/\/www.grundschule-am-stadtpark-steglitz.de\/wp-content\/uploads\/2013\/06\/43-225x300.jpg\" alt=\"4\" width=\"81\" height=\"92\"><\/a>Durch ihn erfuhren wir von den 363 Verboten und den 613 Geboten, die das Leben eines gl\u00e4ubigen Juden bestimmen.<br \/>\nKurz gesagt: Wir haben viel gelernt aber auch viel Spa\u00df beim Lernen erfahren d\u00fcrfen.<\/p>\n<p style=\"text-align: justify;\">Herzlichen Dank f\u00fcr deinen Besuch bei uns.<\/p>\n<p style=\"text-align: justify;\"><span style=\"color: #000000;\"><strong><em>Die Klassen 6a und 6b.<\/em><\/strong><\/span><\/p>\n<p style=\"text-align: center;\">____________________________________<\/p>\n<p><b><span style=\"text-decoration: underline;\">Ein kleiner Einblick in eine so farbenfrohe Welt einer blinden Frau mit Familie<\/span><\/b><\/p>\n<p style=\"text-align: justify;\">In Anlehnung an die Geschichte vom blinden Bartim\u00e4us haben wir das Thema \u201eBlinde Menschen und Blindheit\u201c in den 4. Klassen aufgegriffen und unser Wissen theoretisch und praktisch vertiefend erprobt und erweitert. Wir haben unsere Sinne getestet in den Bereichen:&nbsp;&#8222;Tasten&#8220;, &#8222;Riechen&#8220; und &#8222;F\u00fchlen&#8220;. <a href=\"http:\/\/www.grundschule-am-stadtpark-steglitz.de\/wp-content\/uploads\/2013\/10\/12.jpg\"><img loading=\"lazy\" decoding=\"async\" class=\" wp-image-1792 alignleft\" src=\"http:\/\/www.grundschule-am-stadtpark-steglitz.de\/wp-content\/uploads\/2013\/10\/12.jpg\" alt=\"1\" width=\"226\" height=\"177\"><\/a><\/p>\n<p style=\"text-align: justify;\">Dar\u00fcber hinaus hatten wir, durch die Vermittlung von Frau Worch (Sonderp\u00e4dagogin), die tolle Gelegenheit Frau J. H\u00fcffner, eine blinde Frau in unseren Unterricht einzuladen und ihr viele unserer zumeist Alltagsfragen stellen zu k\u00f6nnen.<\/p>\n<p style=\"text-align: justify;\">Zun\u00e4chst stellte sich Frau H\u00fcffner als eine sehr bodenst\u00e4ndige, diplomierte und zugewandte Frau vor, die mit ihrem Mann und ihrem Sohn in Berlin Steglitz lebt und sich derzeitig u. a. an der Fl\u00e4mingschule bewirbt. Nebenbei arbeitet sie im &#8222;Dunkelrestaurant&#8220;.<\/p>\n<p style=\"text-align: justify;\">Sie kam als Fr\u00fchchen auf die Welt und wurde wie damals \u00fcblich in einen sogenannten Brutkasten gelegt, wo sie durch die erh\u00f6hte Sauerstoffzufuhr erblindete. Da Frau H\u00fcffner ein Leben als \u201eNormalsehende\u201c nicht kennt, ist es f\u00fcr sie ganz normal, blind zu sein. F\u00fcr neue, unbekannte Wege bekommt sie meist eine Wegbegleitung, die sie sich selbst \u00fcber den VBB organisiert. Ihren Sohn bringt sie aber allein zur Kita, da ihr diese Wege sehr vertraut sind. Sie zeigte uns einen kleinen tragbaren Computer. Die Krankenkasse \u00fcbernimmt Software und Braillezeile ihres Homecomputers. Die Braillezeile ersetzt, in Kombination mit der Sprachausgabe den Bildschirm. Bilder und Grafiken k\u00f6nnen nicht wiedergegeben werden. Durch die Computerausstattung ist Frau H\u00fcffner auch in der Lage, Mails zu lesen und ins Internet zu gehen.<\/p>\n<p style=\"text-align: justify;\"><a href=\"http:\/\/www.grundschule-am-stadtpark-steglitz.de\/wp-content\/uploads\/2013\/10\/22.jpg\"><img loading=\"lazy\" decoding=\"async\" class=\" wp-image-1793 alignright\" src=\"http:\/\/www.grundschule-am-stadtpark-steglitz.de\/wp-content\/uploads\/2013\/10\/22.jpg\" alt=\"2\" width=\"278\" height=\"184\"><\/a><\/p>\n<p style=\"text-align: justify;\">Ihr ist es am Liebsten, wenn Sie einkaufen geht, dass sie direkt die Kasse ansteuert und um eine Einkaufshilfe bittet, damit sie sich in den immer \u00f6fter gr\u00f6\u00dfer werdenden und un\u00fcbersichtlichen L\u00e4den nicht \u201ezurechtsuchen\u201c muss. Aber auch hier ist sie auf Freiwilligkeit des Personals angewiesen. Also schickt sie oft ihren Mann zum Einkauf mit einer am PC geschriebenen Einkaufsliste. Sie besitzt einen Scanner, der Barcodes lesen kann, also der ihr im wahrsten Sinne des Wortes sagen kann, welches Produkt von welcher Marke sie in den H\u00e4nden h\u00e4lt. Dieser Scanner hilft ihr beim Einkauf und im Haushalt.<\/p>\n<p style=\"text-align: justify;\"><a href=\"http:\/\/www.grundschule-am-stadtpark-steglitz.de\/wp-content\/uploads\/2013\/10\/31.jpg\"><img loading=\"lazy\" decoding=\"async\" class=\" wp-image-1794 alignleft\" src=\"http:\/\/www.grundschule-am-stadtpark-steglitz.de\/wp-content\/uploads\/2013\/10\/31-300x225.jpg\" alt=\"3\" width=\"222\" height=\"153\"><\/a>Frau H\u00fcffner hat uns ein Buch mitgebracht: \u201eLucie &#8211; das kleine Gespenst\u201c und stellt es uns als Schwarzschriftbuch mit Braillezeilen und erhabenen Bildern vor. Es ist sch\u00f6n anzusehen und zu ertasten.<\/p>\n<p style=\"text-align: justify;\">Sie empfiehlt uns ein Buch: &#8222;Das schwarze Buch der Farben\u201c, wenn man etwas mehr \u00fcber Assoziationen und Tr\u00e4ume bei blinden Menschen erfahren will. So l\u00e4sst sie uns wissen, dass die Farbe rot bei ihr mit einem Rosenduft verbunden ist, mit Feuer und einer sch\u00f6nen Rose. Wei\u00df symbolisiert sich f\u00fcr sie mit dem Licht, Helligkeit, Mehl oder auch Staub.<\/p>\n<p style=\"text-align: justify;\">Auch besitzt sie ein Farberkennungsger\u00e4t, welches ihr hilft, Farben \u201elesen\u201c zu k\u00f6nnen, z.B. bei Kleidung. Alles nat\u00fcrlich mit Sprachausgabe, wie auch ihr Fieberthermometer oder der Kurzzeitwecker. Auch dies ist f\u00fcr uns spannend, denn ihre Hose ist blau und Frau Worchs Hose dunkelblau, solche Feinheiten kann das Ger\u00e4t erkennen. Sehr oft gewaschene W\u00e4sche erkennt es als grau, wo wir \u201enur&#8220; &nbsp;wei\u00df sehen. Also sehen auch unsere Augen nicht alles!!!<\/p>\n<p style=\"text-align: justify;\">Sehr praktisch hat sie uns ihren Sockentrenner&nbsp; f\u00fcr die Waschmaschine mitgebracht.<\/p>\n<p style=\"text-align: justify;\"><a href=\"http:\/\/www.grundschule-am-stadtpark-steglitz.de\/wp-content\/uploads\/2013\/10\/42.jpg\"><img loading=\"lazy\" decoding=\"async\" class=\" wp-image-1795 alignright\" src=\"http:\/\/www.grundschule-am-stadtpark-steglitz.de\/wp-content\/uploads\/2013\/10\/42.jpg\" alt=\"4\" width=\"185\" height=\"306\"><\/a><\/p>\n<p style=\"text-align: justify;\">Wir erkennen gleich, dass dieser auch bei uns allen gute Dienste leisten w\u00fcrde.<\/p>\n<p style=\"text-align: justify;\">Damit wir uns f\u00fcr ein paar Minuten in die Welt eines hochgradig sehbehinderten Menschen hineinversetzen k\u00f6nnen, hat uns Frau H\u00fcffner Sehbehindertenbrillen zum Ausprobieren mitgebracht.<\/p>\n<p style=\"text-align: justify;\">Die so interessant gef\u00fcllte Zeit vergeht wie im Fluge. Fragen, wie z.B. wie sie ihr Kind wickelt, mit Medikamenten umgeht oder Hilfe von Passanten bekommt, wenn ihr der Stock wie einmal passiert ins Gleisbett rutscht, lassen uns aufmerksam zuh\u00f6ren. So \u00fcberziehen wir einfach die 45-Minuten-Stunde ohne es zu bemerken. Abschlie\u00dfend liest sie uns noch Witze vor aus einem sehr, sehr dicken Buch und verr\u00e4t uns, dass der DUDEN 30 B\u00e4nde in Brailleschrift einnimmt. Da staunen wir wirklich!! Auch deshalb hat sie sich das Lesen in Punktschrift etwas abgew\u00f6hnt und liest viel \u00fcbers Internet, PC und H\u00f6rb\u00fccher. Uns schenkt sie ein ABC in Brailleschrift, wor\u00fcber wir uns sehr freuen.<\/p>\n<p style=\"text-align: justify;\">Wir sind gespannt auf unseren Besuch im Blindenmuseum, womit wir diese Einheit beenden werden, aber noch lange nicht fertig damit sind, diese Welt der blinden Menschen zu verstehen. Wir sehen nun mit anderen Augen. Danke!<\/p>\n<p style=\"text-align: justify;\"><em>P. L\u00f6wigt (Religionslehrerin) und B. Worch (Sonderp\u00e4dagogin)<\/em><\/p>\n","protected":false},"excerpt":{"rendered":"<p>Das erste Schulhalbjahr ist fast vorbei und im Fach evangelische Religion gab es zwei wirklich ber\u00fchrende H\u00f6hepunkte. Am 4.12.2023 haben wir an der Aktion MEET A JEW teilgenommen. Zwei J\u00fcdinnen kamen zu uns und haben uns sehr pers\u00f6nlich dar\u00fcber informiert, wie ihr j\u00fcdisches Leben allt\u00e4glich verl\u00e4uft und sich seit dem Angriff der Hamas ver\u00e4ndert hat.<\/p>\n<p><a class=\"more-link\" href=\"https:\/\/www.grundschule-am-stadtpark-steglitz.de\/?page_id=265\">Mehr&#8230;<\/a><\/p>\n","protected":false},"author":2,"featured_media":0,"parent":227,"menu_order":0,"comment_status":"closed","ping_status":"closed","template":"","meta":{"ngg_post_thumbnail":0,"footnotes":""},"class_list":["post-265","page","type-page","status-publish","hentry"],"_links":{"self":[{"href":"https:\/\/www.grundschule-am-stadtpark-steglitz.de\/index.php?rest_route=\/wp\/v2\/pages\/265","targetHints":{"allow":["GET"]}}],"collection":[{"href":"https:\/\/www.grundschule-am-stadtpark-steglitz.de\/index.php?rest_route=\/wp\/v2\/pages"}],"about":[{"href":"https:\/\/www.grundschule-am-stadtpark-steglitz.de\/index.php?rest_route=\/wp\/v2\/types\/page"}],"author":[{"embeddable":true,"href":"https:\/\/www.grundschule-am-stadtpark-steglitz.de\/index.php?rest_route=\/wp\/v2\/users\/2"}],"replies":[{"embeddable":true,"href":"https:\/\/www.grundschule-am-stadtpark-steglitz.de\/index.php?rest_route=%2Fwp%2Fv2%2Fcomments&post=265"}],"version-history":[{"count":25,"href":"https:\/\/www.grundschule-am-stadtpark-steglitz.de\/index.php?rest_route=\/wp\/v2\/pages\/265\/revisions"}],"predecessor-version":[{"id":43025,"href":"https:\/\/www.grundschule-am-stadtpark-steglitz.de\/index.php?rest_route=\/wp\/v2\/pages\/265\/revisions\/43025"}],"up":[{"embeddable":true,"href":"https:\/\/www.grundschule-am-stadtpark-steglitz.de\/index.php?rest_route=\/wp\/v2\/pages\/227"}],"wp:attachment":[{"href":"https:\/\/www.grundschule-am-stadtpark-steglitz.de\/index.php?rest_route=%2Fwp%2Fv2%2Fmedia&parent=265"}],"curies":[{"name":"wp","href":"https:\/\/api.w.org\/{rel}","templated":true}]}}